{"id":841,"date":"2023-01-24T13:53:31","date_gmt":"2023-01-24T12:53:31","guid":{"rendered":"http:\/\/segitunkhalehet.node8.macroweb.hu\/?post_type=product&#038;p=841"},"modified":"2023-01-24T13:53:31","modified_gmt":"2023-01-24T12:53:31","slug":"darwin-es-az-evolucio-maskepp","status":"publish","type":"product","link":"https:\/\/segitunkhalehet.hu\/en\/termek\/darwin-es-az-evolucio-maskepp\/","title":{"rendered":"Darwin \u00e9s az evol\u00faci\u00f3 m\u00e1sK\u00c9Pp"},"content":{"rendered":"<p><span data-sheets-value=\"{&quot;1&quot;:2,&quot;2&quot;:&quot;A modern genetika ter\u00e9n el\u00e9rt v\u00edvm\u00e1nyok elk\u00e9pzelhetetlenek lenn\u00e9nek a darwini forradalom szellemi el\u0151zm\u00e9nyei n\u00e9lk\u00fcl, j\u00f3llehet a titokzatos tud\u00f3s, aki al\u00e1\u00e1sta az isteni teremt\u00e9sbe vetett hitet, meglep\u0151en szer\u00e9ny term\u00e9szet\u0171 volt. Az \u00e9lete alkony\u00e1ra f\u00e9lig magatehetetlenn\u00e9 v\u00e1lt Darwin ideje nagy r\u00e9sz\u00e9t munk\u00e1j\u00e1ba temetkezve t\u00f6lt\u00f6tte, mik\u00f6zben sz\u0171nni nem akar\u00f3 szorong\u00e1s t\u00f6lt\u00f6tte el, amikor csak elm\u00e9lete v\u00e1rhat\u00f3an viharos fogadtat\u00e1s\u00e1ra gondolt. Jonathan Miller leny\u0171g\u00f6z\u0151 eleganci\u00e1val fedi fel el\u0151tt\u00fcnk Darwin \u00e9let\u00e9t \u00e9s tudom\u00e1nyos munk\u00e1ss\u00e1g\u00e1t, emellett v\u00e9gigk\u00f6veti az evol\u00faci\u00f3elm\u00e9let fejl\u0151d\u00e9s\u00e9nek t\u00f6rt\u00e9net\u00e9t Darwin el\u0151deit\u0151l eg\u00e9szen a tud\u00f3s saj\u00e1t \u00e1ll\u00edt\u00e1sainak fel\u00fclvizsg\u00e1lat\u00e1ig. A k\u00f6tet szokatlanul tiszta k\u00e9pet alkot a Darwin el\u0151tti biol\u00f3gia fejezeteit\u0151l a kromosz\u00f3m\u00e1k felfedez\u00e9s\u00e9ig \u00edvel\u0151 tudom\u00e1nyt\u00f6rt\u00e9neti id\u0151szakr\u00f3l.&quot;}\" data-sheets-userformat=\"{&quot;2&quot;:7105,&quot;3&quot;:{&quot;1&quot;:0},&quot;9&quot;:1,&quot;10&quot;:1,&quot;11&quot;:0,&quot;12&quot;:0,&quot;14&quot;:{&quot;1&quot;:2,&quot;2&quot;:0},&quot;15&quot;:&quot;Titillium Web&quot;}\">A modern genetika ter\u00e9n el\u00e9rt v\u00edvm\u00e1nyok elk\u00e9pzelhetetlenek lenn\u00e9nek a darwini forradalom szellemi el\u0151zm\u00e9nyei n\u00e9lk\u00fcl, j\u00f3llehet a titokzatos tud\u00f3s, aki al\u00e1\u00e1sta az isteni teremt\u00e9sbe vetett hitet, meglep\u0151en szer\u00e9ny term\u00e9szet\u0171 volt. Az \u00e9lete alkony\u00e1ra f\u00e9lig magatehetetlenn\u00e9 v\u00e1lt Darwin ideje nagy r\u00e9sz\u00e9t munk\u00e1j\u00e1ba temetkezve t\u00f6lt\u00f6tte, mik\u00f6zben sz\u0171nni nem akar\u00f3 szorong\u00e1s t\u00f6lt\u00f6tte el, amikor csak elm\u00e9lete v\u00e1rhat\u00f3an viharos fogadtat\u00e1s\u00e1ra gondolt. Jonathan Miller leny\u0171g\u00f6z\u0151 eleganci\u00e1val fedi fel el\u0151tt\u00fcnk Darwin \u00e9let\u00e9t \u00e9s tudom\u00e1nyos munk\u00e1ss\u00e1g\u00e1t, emellett v\u00e9gig k\u00f6veti az evol\u00faci\u00f3elm\u00e9let fejl\u0151d\u00e9s\u00e9nek t\u00f6rt\u00e9net\u00e9t Darwin el\u0151deit\u0151l eg\u00e9szen a tud\u00f3s saj\u00e1t \u00e1ll\u00edt\u00e1sainak fel\u00fclvizsg\u00e1lat\u00e1ig. A Darwin \u00e9s az evol\u00faci\u00f3 m\u00e1sK\u00c9Pp c\u00edm\u0171 k\u00f6tet szokatlanul tiszta k\u00e9pet alkot a Darwin el\u0151tti biol\u00f3gia fejezeteit\u0151l a kromosz\u00f3m\u00e1k felfedez\u00e9s\u00e9ig \u00edvel\u0151 tudom\u00e1nyt\u00f6rt\u00e9neti id\u0151szakr\u00f3l.<\/span><\/p>\n","protected":false},"excerpt":{"rendered":"<p><span data-sheets-value=\"{&quot;1&quot;:2,&quot;2&quot;:&quot;A k\u00f6tet szokatlanul tiszta k\u00e9pet alkot a Darwin el\u0151tti biol\u00f3gia fejezeteit\u0151l a kromosz\u00f3m\u00e1k felfedez\u00e9s\u00e9ig \u00edvel\u0151 tudom\u00e1nyt\u00f6rt\u00e9neti id\u0151szakr\u00f3l.&quot;}\" data-sheets-userformat=\"{&quot;2&quot;:14977,&quot;3&quot;:{&quot;1&quot;:0},&quot;10&quot;:2,&quot;12&quot;:0,&quot;14&quot;:{&quot;1&quot;:2,&quot;2&quot;:0},&quot;15&quot;:&quot;Titillium Web&quot;,&quot;16&quot;:10}\">A k\u00f6tet szokatlanul tiszta k\u00e9pet alkot a Darwin el\u0151tti biol\u00f3gia fejezeteit\u0151l a kromosz\u00f3m\u00e1k felfedez\u00e9s\u00e9ig \u00edvel\u0151 tudom\u00e1nyt\u00f6rt\u00e9neti id\u0151szakr\u00f3l.<\/span><\/p>\n","protected":false},"featured_media":1320,"template":"","meta":[],"product_brand":[],"product_cat":[22],"product_tag":[],"class_list":{"0":"post-841","1":"product","2":"type-product","3":"status-publish","4":"has-post-thumbnail","6":"product_cat-konyvek","8":"first","9":"instock","10":"taxable","11":"shipping-taxable","12":"purchasable","13":"product-type-simple"},"jetpack_sharing_enabled":true,"_links":{"self":[{"href":"https:\/\/segitunkhalehet.hu\/en\/wp-json\/wp\/v2\/product\/841","targetHints":{"allow":["GET"]}}],"collection":[{"href":"https:\/\/segitunkhalehet.hu\/en\/wp-json\/wp\/v2\/product"}],"about":[{"href":"https:\/\/segitunkhalehet.hu\/en\/wp-json\/wp\/v2\/types\/product"}],"wp:featuredmedia":[{"embeddable":true,"href":"https:\/\/segitunkhalehet.hu\/en\/wp-json\/wp\/v2\/media\/1320"}],"wp:attachment":[{"href":"https:\/\/segitunkhalehet.hu\/en\/wp-json\/wp\/v2\/media?parent=841"}],"wp:term":[{"taxonomy":"product_brand","embeddable":true,"href":"https:\/\/segitunkhalehet.hu\/en\/wp-json\/wp\/v2\/product_brand?post=841"},{"taxonomy":"product_cat","embeddable":true,"href":"https:\/\/segitunkhalehet.hu\/en\/wp-json\/wp\/v2\/product_cat?post=841"},{"taxonomy":"product_tag","embeddable":true,"href":"https:\/\/segitunkhalehet.hu\/en\/wp-json\/wp\/v2\/product_tag?post=841"}],"curies":[{"name":"wp","href":"https:\/\/api.w.org\/{rel}","templated":true}]}}